{"id":163,"date":"2023-07-26T14:59:29","date_gmt":"2023-07-26T14:59:29","guid":{"rendered":"https:\/\/www.ivi.ac.rs\/?post_type=team&#038;p=163"},"modified":"2023-12-27T12:44:18","modified_gmt":"2023-12-27T12:44:18","slug":"elisa-ricci","status":"publish","type":"team","link":"https:\/\/ivi.ac.rs\/en\/team\/elisa-ricci\/","title":{"rendered":"Elisa Ricci"},"content":{"rendered":"\n<p>Elisa Ricci is an Associate Professor with&nbsp;<a href=\"https:\/\/www.disi.unitn.it\/\" target=\"_blank\" rel=\"noreferrer noopener\">Department of Information Engineering and Computer Science<\/a>&nbsp;(DISI) at the&nbsp;<a href=\"https:\/\/www.unitn.it\/en\" target=\"_blank\" rel=\"noreferrer noopener\">University of Trento<\/a>&nbsp;and the head of the&nbsp;<a href=\"https:\/\/ict.fbk.eu\/units\/deep-visual-learning\/\" target=\"_blank\" rel=\"noreferrer noopener\">Deep Visual Learning<\/a>&nbsp;research group at&nbsp;<a href=\"https:\/\/www.fbk.eu\/en\/\" target=\"_blank\" rel=\"noreferrer noopener\">Fondazione Bruno Kessler<\/a>&nbsp;(FBK). She is the scientific manager of the Joint Laboratory on Vision and Learning between FBK and DISI. Her research interests are mainly in the areas of computer vision, robotics, machine learning and human behavior analysis.<\/p>\n","protected":false},"featured_media":0,"parent":0,"template":"","meta":[],"team_member_category":[11],"class_list":["post-163","team","type-team","status-publish","hentry","team_member_category-main_scientific_advisor"],"acf":[],"yoast_head":"<!-- This site is optimized with the Yoast SEO plugin v27.5 - https:\/\/yoast.com\/product\/yoast-seo-wordpress\/ -->\n<title>Elisa Ricci - Istra\u017eiva\u010dko-razvojni institut za ve&scaron;ta\u010dku inteligenciju<\/title>\n<meta name=\"robots\" content=\"index, follow, max-snippet:-1, max-image-preview:large, max-video-preview:-1\" \/>\n<link rel=\"canonical\" href=\"https:\/\/ivi.ac.rs\/en\/team\/elisa-ricci\/\" \/>\n<meta property=\"og:locale\" content=\"en_US\" \/>\n<meta property=\"og:type\" content=\"article\" \/>\n<meta property=\"og:title\" content=\"Elisa Ricci - Istra\u017eiva\u010dko-razvojni institut za ve&scaron;ta\u010dku inteligenciju\" \/>\n<meta property=\"og:description\" content=\"Elisa Ricci is an Associate Professor with&nbsp;Department of Information Engineering and Computer Science&nbsp;(DISI) at the&nbsp;University of Trento&nbsp;and the head of the&nbsp;Deep Visual Learning&nbsp;research group at&nbsp;Fondazione Bruno Kessler&nbsp;(FBK). She is the scientific manager of the Joint Laboratory on Vision and Learning between FBK and DISI. Her research interests are mainly in the areas of computer vision, [&hellip;]\" \/>\n<meta property=\"og:url\" content=\"https:\/\/ivi.ac.rs\/en\/team\/elisa-ricci\/\" \/>\n<meta property=\"og:site_name\" content=\"Istra\u017eiva\u010dko-razvojni institut za ve&scaron;ta\u010dku inteligenciju\" \/>\n<meta property=\"article:modified_time\" content=\"2023-12-27T12:44:18+00:00\" \/>\n<meta name=\"twitter:card\" content=\"summary_large_image\" \/>\n<meta name=\"twitter:label1\" content=\"Est. reading time\" \/>\n\t<meta name=\"twitter:data1\" content=\"1 minute\" \/>\n<script type=\"application\/ld+json\" class=\"yoast-schema-graph\">{\"@context\":\"https:\\\/\\\/schema.org\",\"@graph\":[{\"@type\":\"WebPage\",\"@id\":\"https:\\\/\\\/ivi.ac.rs\\\/en\\\/team\\\/elisa-ricci\\\/\",\"url\":\"https:\\\/\\\/ivi.ac.rs\\\/en\\\/team\\\/elisa-ricci\\\/\",\"name\":\"Elisa Ricci - Istra\u017eiva\u010dko-razvojni institut za ve&scaron;ta\u010dku inteligenciju\",\"isPartOf\":{\"@id\":\"https:\\\/\\\/ivi.ac.rs\\\/en\\\/#website\"},\"datePublished\":\"2023-07-26T14:59:29+00:00\",\"dateModified\":\"2023-12-27T12:44:18+00:00\",\"inLanguage\":\"en-US\",\"potentialAction\":[{\"@type\":\"ReadAction\",\"target\":[\"https:\\\/\\\/ivi.ac.rs\\\/en\\\/team\\\/elisa-ricci\\\/\"]}]},{\"@type\":\"WebSite\",\"@id\":\"https:\\\/\\\/ivi.ac.rs\\\/en\\\/#website\",\"url\":\"https:\\\/\\\/ivi.ac.rs\\\/en\\\/\",\"name\":\"Istra\u017eiva\u010dko-razvojni institut za ve&scaron;ta\u010dku inteligenciju\",\"description\":\"\",\"potentialAction\":[{\"@type\":\"SearchAction\",\"target\":{\"@type\":\"EntryPoint\",\"urlTemplate\":\"https:\\\/\\\/ivi.ac.rs\\\/en\\\/?s={search_term_string}\"},\"query-input\":{\"@type\":\"PropertyValueSpecification\",\"valueRequired\":true,\"valueName\":\"search_term_string\"}}],\"inLanguage\":\"en-US\"}]}<\/script>\n<!-- \/ Yoast SEO plugin. -->","yoast_head_json":{"title":"Elisa Ricci - Istra\u017eiva\u010dko-razvojni institut za ve&scaron;ta\u010dku inteligenciju","robots":{"index":"index","follow":"follow","max-snippet":"max-snippet:-1","max-image-preview":"max-image-preview:large","max-video-preview":"max-video-preview:-1"},"canonical":"https:\/\/ivi.ac.rs\/en\/team\/elisa-ricci\/","og_locale":"en_US","og_type":"article","og_title":"Elisa Ricci - Istra\u017eiva\u010dko-razvojni institut za ve&scaron;ta\u010dku inteligenciju","og_description":"Elisa Ricci is an Associate Professor with&nbsp;Department of Information Engineering and Computer Science&nbsp;(DISI) at the&nbsp;University of Trento&nbsp;and the head of the&nbsp;Deep Visual Learning&nbsp;research group at&nbsp;Fondazione Bruno Kessler&nbsp;(FBK). She is the scientific manager of the Joint Laboratory on Vision and Learning between FBK and DISI. Her research interests are mainly in the areas of computer vision, [&hellip;]","og_url":"https:\/\/ivi.ac.rs\/en\/team\/elisa-ricci\/","og_site_name":"Istra\u017eiva\u010dko-razvojni institut za ve&scaron;ta\u010dku inteligenciju","article_modified_time":"2023-12-27T12:44:18+00:00","twitter_card":"summary_large_image","twitter_misc":{"Est. reading time":"1 minute"},"schema":{"@context":"https:\/\/schema.org","@graph":[{"@type":"WebPage","@id":"https:\/\/ivi.ac.rs\/en\/team\/elisa-ricci\/","url":"https:\/\/ivi.ac.rs\/en\/team\/elisa-ricci\/","name":"Elisa Ricci - Istra\u017eiva\u010dko-razvojni institut za ve&scaron;ta\u010dku inteligenciju","isPartOf":{"@id":"https:\/\/ivi.ac.rs\/en\/#website"},"datePublished":"2023-07-26T14:59:29+00:00","dateModified":"2023-12-27T12:44:18+00:00","inLanguage":"en-US","potentialAction":[{"@type":"ReadAction","target":["https:\/\/ivi.ac.rs\/en\/team\/elisa-ricci\/"]}]},{"@type":"WebSite","@id":"https:\/\/ivi.ac.rs\/en\/#website","url":"https:\/\/ivi.ac.rs\/en\/","name":"Istra\u017eiva\u010dko-razvojni institut za ve&scaron;ta\u010dku inteligenciju","description":"","potentialAction":[{"@type":"SearchAction","target":{"@type":"EntryPoint","urlTemplate":"https:\/\/ivi.ac.rs\/en\/?s={search_term_string}"},"query-input":{"@type":"PropertyValueSpecification","valueRequired":true,"valueName":"search_term_string"}}],"inLanguage":"en-US"}]}},"_links":{"self":[{"href":"https:\/\/ivi.ac.rs\/en\/wp-json\/wp\/v2\/team\/163","targetHints":{"allow":["GET"]}}],"collection":[{"href":"https:\/\/ivi.ac.rs\/en\/wp-json\/wp\/v2\/team"}],"about":[{"href":"https:\/\/ivi.ac.rs\/en\/wp-json\/wp\/v2\/types\/team"}],"wp:attachment":[{"href":"https:\/\/ivi.ac.rs\/en\/wp-json\/wp\/v2\/media?parent=163"}],"wp:term":[{"taxonomy":"team_member_category","embeddable":true,"href":"https:\/\/ivi.ac.rs\/en\/wp-json\/wp\/v2\/team_member_category?post=163"}],"curies":[{"name":"wp","href":"https:\/\/api.w.org\/{rel}","templated":true}]}}